{"id":1539,"date":"2019-08-14T21:00:42","date_gmt":"2019-08-14T19:00:42","guid":{"rendered":"https:\/\/www.futurumkosice.sk\/?page_id=1539"},"modified":"2021-11-04T09:53:55","modified_gmt":"2021-11-04T08:53:55","slug":"historia-studentov-mesiaca","status":"publish","type":"page","link":"https:\/\/www.futurumkosice.sk\/index.php\/historia-studentov-mesiaca\/","title":{"rendered":"Hist\u00f3ria \u0161tudentov mesiaca"},"content":{"rendered":"<p>[vc_row full_width=&#8221;stretch_row&#8221; css=&#8221;.vc_custom_1565809066393{background-color: #ffffff !important;}&#8221;][vc_column][vc_empty_space alter_height=&#8221;medium&#8221; hide_on_mobile=&#8221;&#8221;][\/vc_column][vc_column width=&#8221;5\/12&#8243; offset=&#8221;vc_col-lg-offset-1 vc_col-md-offset-1 vc_col-sm-offset-1&#8243;][vc_empty_space alter_height=&#8221;large&#8221; hide_on_mobile=&#8221;&#8221;]<div id=\"sc_title_1236025754\"\n\t\tclass=\"sc_title sc_title_default\"><h3 class=\"sc_item_title sc_title_title sc_align_left sc_item_title_style_default\">Ivana Hajdu\u0161ekov\u00e1<\/h3><\/div><!-- \/.sc_title -->[vc_empty_space alter_height=&#8221;medium&#8221; hide_on_mobile=&#8221;&#8221;][vc_column_text el_class=&#8221;justified_text&#8221;]\u0160tudentkou mesiaca za september a okt\u00f3ber 2021 sa stala Ivana Hajdu\u0161ekov\u00e1, III.KB.[\/vc_column_text][vc_empty_space alter_height=&#8221;medium&#8221; hide_on_mobile=&#8221;&#8221;][\/vc_column][vc_column width=&#8221;5\/12&#8243;][vc_single_image image=&#8221;3224&#8243; img_size=&#8221;full&#8221;][\/vc_column][vc_column][vc_empty_space alter_height=&#8221;medium&#8221; hide_on_mobile=&#8221;&#8221;][\/vc_column][\/vc_row][vc_row full_width=&#8221;stretch_row&#8221; css=&#8221;.vc_custom_1565809066393{background-color: #ffffff !important;}&#8221;][vc_column][vc_empty_space alter_height=&#8221;medium&#8221; hide_on_mobile=&#8221;&#8221;][\/vc_column][vc_column width=&#8221;5\/12&#8243; offset=&#8221;vc_col-lg-offset-1 vc_col-md-offset-1 vc_col-sm-offset-1&#8243;][vc_empty_space alter_height=&#8221;large&#8221; hide_on_mobile=&#8221;&#8221;]<div id=\"sc_title_538130607\"\n\t\tclass=\"sc_title sc_title_default\"><h3 class=\"sc_item_title sc_title_title sc_align_left sc_item_title_style_default\">Volodymyr Yakyma<\/h3><\/div><!-- \/.sc_title -->[vc_empty_space alter_height=&#8221;medium&#8221; hide_on_mobile=&#8221;&#8221;][vc_column_text el_class=&#8221;justified_text&#8221;]\u0160tudent z Ukrajiny, ktor\u00fd sa r\u00fdchlo prisp\u00f4sobil slovensk\u00fdm podmienkam a svojou usilovnos\u0165ou a pravidelnou pr\u00edpravou na vyu\u010dovanie je vzorom aj pre ostatn\u00fdch.[\/vc_column_text][vc_empty_space alter_height=&#8221;medium&#8221; hide_on_mobile=&#8221;&#8221;][\/vc_column][vc_column width=&#8221;5\/12&#8243;][vc_single_image image=&#8221;3174&#8243; img_size=&#8221;full&#8221;][\/vc_column][vc_column][vc_empty_space alter_height=&#8221;medium&#8221; hide_on_mobile=&#8221;&#8221;][\/vc_column][\/vc_row][vc_row full_width=&#8221;stretch_row&#8221; css=&#8221;.vc_custom_1565809066393{background-color: #ffffff !important;}&#8221;][vc_column][vc_empty_space alter_height=&#8221;medium&#8221; hide_on_mobile=&#8221;&#8221;][\/vc_column][vc_column width=&#8221;5\/12&#8243; offset=&#8221;vc_col-lg-offset-1 vc_col-md-offset-1 vc_col-sm-offset-1&#8243;][vc_empty_space alter_height=&#8221;large&#8221; hide_on_mobile=&#8221;&#8221;]<div id=\"sc_title_918421845\"\n\t\tclass=\"sc_title sc_title_default\"><h3 class=\"sc_item_title sc_title_title sc_align_left sc_item_title_style_default\">\u013dubom\u00edr Vranka<\/h3><\/div><!-- \/.sc_title -->[vc_empty_space alter_height=&#8221;medium&#8221; hide_on_mobile=&#8221;&#8221;][vc_column_text el_class=&#8221;justified_text&#8221;]Som perfekcionista, ktor\u00fd pr\u00edli\u0161 rozm\u00fd\u0161\u013ea nad jednoduch\u00fdmi vecami. M\u00e1m r\u00e1d kreslenie a design, ktor\u00fd viem prenies\u0165 do reality pomocou IT. Vo vo\u013enom \u010dase r\u00e1d beh\u00e1m a pl\u00e1vam. Ver\u00edm, \u017ee st\u00e1le existuje tretia cesta.<\/p>\n<p>Riadim sa mottom: Work smart, not hard.[\/vc_column_text][vc_empty_space alter_height=&#8221;medium&#8221; hide_on_mobile=&#8221;&#8221;][\/vc_column][vc_column width=&#8221;5\/12&#8243;][vc_single_image image=&#8221;3122&#8243; img_size=&#8221;full&#8221;][\/vc_column][vc_column][vc_empty_space alter_height=&#8221;medium&#8221; hide_on_mobile=&#8221;&#8221;][\/vc_column][\/vc_row][vc_row full_width=&#8221;stretch_row&#8221; css=&#8221;.vc_custom_1565809066393{background-color: #ffffff !important;}&#8221;][vc_column][vc_empty_space alter_height=&#8221;medium&#8221; hide_on_mobile=&#8221;&#8221;][\/vc_column][vc_column width=&#8221;5\/12&#8243; offset=&#8221;vc_col-lg-offset-1 vc_col-md-offset-1 vc_col-sm-offset-1&#8243;][vc_empty_space alter_height=&#8221;large&#8221; hide_on_mobile=&#8221;&#8221;]<div id=\"sc_title_1783473520\"\n\t\tclass=\"sc_title sc_title_default\"><h3 class=\"sc_item_title sc_title_title sc_align_left sc_item_title_style_default\">Vy Tran<\/h3><\/div><!-- \/.sc_title -->[vc_empty_space alter_height=&#8221;medium&#8221; hide_on_mobile=&#8221;&#8221;][vc_column_text el_class=&#8221;justified_text&#8221;]\u0160tudentka z Vietnamu, ktor\u00e1 \u017eije v Ko\u0161iciach u\u017e p\u00e4\u0165 rokov. Sloven\u010dina sa jej p\u00e1\u010di, no aj ona\u00a0 ako mnoh\u00ed cudzinci tvrd\u00ed, \u017ee je ve\u013emi \u0165a\u017ek\u00e1. Po skon\u010den\u00ed gymn\u00e1zia by rada \u0161tudovala na univerzite mimo Slovenska. Z Vietnamu jej ch\u00fdba okrem rodiny a priate\u013eov aj tzv.street food jedlo, ktor\u00e9 je tam ve\u013emi typick\u00e9. U n\u00e1s si zamilovala gul\u00e1\u0161. M\u00e1 rada cestovanie a v \u0161kole ju najviac bav\u00ed matematika a biol\u00f3gia.[\/vc_column_text][vc_empty_space alter_height=&#8221;medium&#8221; hide_on_mobile=&#8221;&#8221;][\/vc_column][vc_column width=&#8221;5\/12&#8243;][vc_single_image image=&#8221;3069&#8243; img_size=&#8221;full&#8221;][\/vc_column][vc_column][vc_empty_space alter_height=&#8221;medium&#8221; hide_on_mobile=&#8221;&#8221;][\/vc_column][\/vc_row][vc_row full_width=&#8221;stretch_row&#8221; css=&#8221;.vc_custom_1565809066393{background-color: #ffffff !important;}&#8221;][vc_column][vc_empty_space alter_height=&#8221;medium&#8221; hide_on_mobile=&#8221;&#8221;][\/vc_column][vc_column width=&#8221;5\/12&#8243; offset=&#8221;vc_col-lg-offset-1 vc_col-md-offset-1 vc_col-sm-offset-1&#8243;][vc_empty_space alter_height=&#8221;large&#8221; hide_on_mobile=&#8221;&#8221;]<div id=\"sc_title_1411894122\"\n\t\tclass=\"sc_title sc_title_default\"><h3 class=\"sc_item_title sc_title_title sc_align_left sc_item_title_style_default\">Ivana Hajdu\u0161ekov\u00e1<\/h3><\/div><!-- \/.sc_title -->[vc_empty_space alter_height=&#8221;medium&#8221; hide_on_mobile=&#8221;&#8221;][vc_column_text el_class=&#8221;justified_text&#8221;]Rada \u010d\u00edta knihy, fascinuj\u00fa ju z\u00e1mky a venuje sa \u013eudov\u00fdm tancom. Ve\u013ek\u00e1 milovn\u00ed\u010dka Harryho Pottera, ktor\u00e1 sa sna\u017e\u00ed robi\u0165 veci najlep\u0161ie, ako len vie &#8211; \u010di m\u00e1 na to \u010darovn\u00fd pr\u00fatik, to sa nedozvieme, no t\u00e1to o\u010daruj\u00faca sle\u010dna je \u0161tudentkou mesiaca janu\u00e1r.<br \/>\n\u201eMo\u017eno e\u0161te neviem, ak\u00fa profesiu si zvol\u00edm, no nechcem presedie\u0165 cel\u00e9 dni v kancel\u00e1rii.\u201d[\/vc_column_text][vc_empty_space alter_height=&#8221;medium&#8221; hide_on_mobile=&#8221;&#8221;][\/vc_column][vc_column width=&#8221;5\/12&#8243;][vc_single_image image=&#8221;2822&#8243; img_size=&#8221;full&#8221;][\/vc_column][vc_column][vc_empty_space alter_height=&#8221;medium&#8221; hide_on_mobile=&#8221;&#8221;][\/vc_column][\/vc_row][vc_row full_width=&#8221;stretch_row&#8221; css=&#8221;.vc_custom_1565809066393{background-color: #ffffff !important;}&#8221;][vc_column][vc_empty_space alter_height=&#8221;medium&#8221; hide_on_mobile=&#8221;&#8221;][\/vc_column][vc_column width=&#8221;5\/12&#8243; offset=&#8221;vc_col-lg-offset-1 vc_col-md-offset-1 vc_col-sm-offset-1&#8243;][vc_empty_space alter_height=&#8221;large&#8221; hide_on_mobile=&#8221;&#8221;]<div id=\"sc_title_603535103\"\n\t\tclass=\"sc_title sc_title_default\"><h3 class=\"sc_item_title sc_title_title sc_align_left sc_item_title_style_default\">Johanna Gaberov\u00e1<\/h3><\/div><!-- \/.sc_title -->[vc_empty_space alter_height=&#8221;medium&#8221; hide_on_mobile=&#8221;&#8221;][vc_column_text el_class=&#8221;justified_text&#8221;]Mlad\u00e1 d\u00e1ma, ktor\u00e1 sa vo vo\u013enom \u010dase sa venuje \u010cerven\u00e9mu kr\u00ed\u017eu, \u0161t\u00fadiu cudz\u00edch jazykov a anal\u00f3govej fotografii. Je aktu\u00e1lne zapojen\u00e1 v programe Ceny Vojvodu z Edinburghu. V bud\u00facnosti by sa chcela venova\u0165 \u0161t\u00fadiu klasickej antiky a filol\u00f3gie.<br \/>\n\u201eNajviac mi pri \u0161t\u00fadiu pom\u00e1ha individu\u00e1lny pr\u00edstup u\u010dite\u013eov a famili\u00e1rna atmosf\u00e9ra, ktor\u00e1 na \u0161kole panuje.\u201d<br \/>\nV \u017eivote sa riadi pr\u00edslov\u00edm: \u201eV\u0161etko zl\u00e9 je na nie\u010do dobr\u00e9.\u201d[\/vc_column_text][vc_empty_space alter_height=&#8221;medium&#8221; hide_on_mobile=&#8221;&#8221;][\/vc_column][vc_column width=&#8221;5\/12&#8243;][vc_single_image image=&#8221;2807&#8243; img_size=&#8221;full&#8221;][\/vc_column][vc_column][vc_empty_space alter_height=&#8221;medium&#8221; hide_on_mobile=&#8221;&#8221;][\/vc_column][\/vc_row][vc_row full_width=&#8221;stretch_row&#8221; css=&#8221;.vc_custom_1565809066393{background-color: #ffffff !important;}&#8221;][vc_column][vc_empty_space alter_height=&#8221;medium&#8221; hide_on_mobile=&#8221;&#8221;][\/vc_column][vc_column width=&#8221;5\/12&#8243; offset=&#8221;vc_col-lg-offset-1 vc_col-md-offset-1 vc_col-sm-offset-1&#8243;][vc_empty_space alter_height=&#8221;large&#8221; hide_on_mobile=&#8221;&#8221;]<div id=\"sc_title_343941766\"\n\t\tclass=\"sc_title sc_title_default\"><h3 class=\"sc_item_title sc_title_title sc_align_left sc_item_title_style_default\">Samuel Vr\u00e1be\u013e<\/h3><\/div><!-- \/.sc_title -->[vc_empty_space alter_height=&#8221;medium&#8221; hide_on_mobile=&#8221;&#8221;][vc_column_text el_class=&#8221;justified_text&#8221;]\u0160tudent s v\u00fdborn\u00fdm prospechom, ktor\u00fd sa akt\u00edvne zap\u00e1ja do r\u00f4znych \u0161kolsk\u00fdch i mimo\u0161kolsk\u00fdch aktiv\u00edt. Okrem in\u00fdch \u010dinnost\u00ed sa venuje florbalu a florbalov\u00e9mu tr\u00e9ningu det\u00ed. R\u00e1d si vyhrad\u00ed \u010das pre svoje z\u00e1\u013euby, preto\u017ee mu pom\u00e1haj\u00fa zrelaxova\u0165 a pr\u00eds\u0165 na nov\u00e9 my\u0161lienky. Jeho snom je \u0161t\u00fadium psychol\u00f3gie v zahrani\u010d\u00ed.<\/p>\n<p>\u201eV\u00a0\u0161t\u00fadiu mi ve\u013emi pom\u00e1ha rodinn\u00e1 atmosf\u00e9ra \u0161koly a pr\u00edstup u\u010dite\u013eov, ktor\u00ed s\u00fa priate\u013esk\u00ed a v\u017edy ochotn\u00ed pom\u00f4c\u0165.\u201c<\/p>\n<p>Motto: Za ka\u017ed\u00fdm \u00faspechom je cesta. A niekedy je pr\u00e1ve cesta d\u00f4le\u017eitej\u0161ia ne\u017e samotn\u00fd \u00faspech.\u201c[\/vc_column_text][vc_empty_space alter_height=&#8221;medium&#8221; hide_on_mobile=&#8221;&#8221;][\/vc_column][vc_column width=&#8221;5\/12&#8243;][vc_single_image image=&#8221;2707&#8243; img_size=&#8221;full&#8221;][\/vc_column][vc_column][vc_empty_space alter_height=&#8221;medium&#8221; hide_on_mobile=&#8221;&#8221;][\/vc_column][\/vc_row][vc_row full_width=&#8221;stretch_row&#8221; css=&#8221;.vc_custom_1565808864587{background-color: #f2f3f6 !important;}&#8221;][vc_column][vc_empty_space alter_height=&#8221;medium&#8221; hide_on_mobile=&#8221;&#8221;][\/vc_column][vc_column width=&#8221;5\/12&#8243; offset=&#8221;vc_col-lg-offset-1 vc_col-md-offset-1 vc_col-sm-offset-1&#8243;][vc_empty_space alter_height=&#8221;large&#8221; hide_on_mobile=&#8221;&#8221;]<div id=\"sc_title_801742992\"\n\t\tclass=\"sc_title sc_title_default\"><h3 class=\"sc_item_title sc_title_title sc_align_left sc_item_title_style_default\">Dorian Mere\u0161\u0161<\/h3><\/div><!-- \/.sc_title -->[vc_empty_space alter_height=&#8221;medium&#8221; hide_on_mobile=&#8221;&#8221;][vc_column_text el_class=&#8221;justified_text&#8221;]Akt\u00edvny \u0161tudent s reprezentat\u00edvnym prejavom a vlastn\u00fdm n\u00e1zorom, ktor\u00fd sa popri \u0161kole a brig\u00e1de st\u00edha venova\u0165 aj svojim priate\u013eom a \u0161portu.<br \/>\n<em>&#8220;\u010co sa t\u00fdka bud\u00facnosti, som v\u010fa\u010dn\u00fd za rady a usmernenia, ktor\u00e9 od okolia dost\u00e1vam. Na v\u0161etko si vytv\u00e1ram vlastn\u00fd n\u00e1zor a k svojim rozhodnutiam pristupujem zodpovedne.\u201d<\/em>[\/vc_column_text][vc_empty_space alter_height=&#8221;medium&#8221; hide_on_mobile=&#8221;&#8221;][\/vc_column][vc_column width=&#8221;5\/12&#8243;][vc_single_image image=&#8221;1416&#8243; img_size=&#8221;full&#8221;][\/vc_column][vc_column][vc_empty_space alter_height=&#8221;medium&#8221; hide_on_mobile=&#8221;&#8221;][\/vc_column][\/vc_row][vc_row full_width=&#8221;stretch_row&#8221; css=&#8221;.vc_custom_1565809066393{background-color: #ffffff !important;}&#8221;][vc_column][vc_empty_space alter_height=&#8221;medium&#8221; hide_on_mobile=&#8221;&#8221;][\/vc_column][vc_column width=&#8221;5\/12&#8243; offset=&#8221;vc_col-lg-offset-1 vc_col-md-offset-1 vc_col-sm-offset-1&#8243;][vc_empty_space alter_height=&#8221;large&#8221; hide_on_mobile=&#8221;&#8221;]<div id=\"sc_title_852565914\"\n\t\tclass=\"sc_title sc_title_default\"><h3 class=\"sc_item_title sc_title_title sc_align_left sc_item_title_style_default\">R\u00f3bert \u0160\u00e1ndor<\/h3><\/div><!-- \/.sc_title -->[vc_empty_space alter_height=&#8221;medium&#8221; hide_on_mobile=&#8221;&#8221;][vc_column_text el_class=&#8221;justified_text&#8221;]<em>&#8220;M\u00e1m r\u00e1d \u0161port a milujem \u010das str\u00e1ven\u00fd s priate\u013emi a rodinou. Mojim cie\u013eom je z\u00fa\u010dastni\u0165 satriatlonu ako aj z\u00fa\u017eitkova\u0165 moje jazykov\u00e9 a odborn\u00e9 poznatky v \u0161t\u00fadiu medic\u00edny na Masarykovej univerzite v Brne.&#8221;<\/em>[\/vc_column_text][vc_empty_space alter_height=&#8221;medium&#8221; hide_on_mobile=&#8221;&#8221;][\/vc_column][vc_column width=&#8221;5\/12&#8243;][vc_single_image image=&#8221;2169&#8243; img_size=&#8221;full&#8221;][\/vc_column][vc_column][vc_empty_space alter_height=&#8221;medium&#8221; hide_on_mobile=&#8221;&#8221;][\/vc_column][\/vc_row][vc_row full_width=&#8221;stretch_row&#8221; css=&#8221;.vc_custom_1565808864587{background-color: #f2f3f6 !important;}&#8221;][vc_column][vc_empty_space alter_height=&#8221;medium&#8221; hide_on_mobile=&#8221;&#8221;][\/vc_column][vc_column width=&#8221;5\/12&#8243; offset=&#8221;vc_col-lg-offset-1 vc_col-md-offset-1 vc_col-sm-offset-1&#8243;][vc_empty_space alter_height=&#8221;large&#8221; hide_on_mobile=&#8221;&#8221;]<div id=\"sc_title_2118708687\"\n\t\tclass=\"sc_title sc_title_default\"><h3 class=\"sc_item_title sc_title_title sc_align_left sc_item_title_style_default\">Veronika Lacov\u00e1<\/h3><\/div><!-- \/.sc_title -->[vc_empty_space alter_height=&#8221;medium&#8221; hide_on_mobile=&#8221;&#8221;][vc_column_text el_class=&#8221;justified_text&#8221;]\u0160tudent mesiaca Janu\u00e1r[\/vc_column_text][vc_empty_space alter_height=&#8221;medium&#8221; hide_on_mobile=&#8221;&#8221;][\/vc_column][vc_column width=&#8221;5\/12&#8243;][vc_single_image image=&#8221;2172&#8243; img_size=&#8221;full&#8221;][\/vc_column][vc_column][vc_empty_space alter_height=&#8221;medium&#8221; hide_on_mobile=&#8221;&#8221;][\/vc_column][\/vc_row][vc_row full_width=&#8221;stretch_row&#8221; css=&#8221;.vc_custom_1565809066393{background-color: #ffffff !important;}&#8221;][vc_column][vc_empty_space alter_height=&#8221;medium&#8221; hide_on_mobile=&#8221;&#8221;][\/vc_column][vc_column width=&#8221;5\/12&#8243; offset=&#8221;vc_col-lg-offset-1 vc_col-md-offset-1 vc_col-sm-offset-1&#8243;][vc_empty_space alter_height=&#8221;large&#8221; hide_on_mobile=&#8221;&#8221;]<div id=\"sc_title_925816630\"\n\t\tclass=\"sc_title sc_title_default\"><h3 class=\"sc_item_title sc_title_title sc_align_left sc_item_title_style_default\">Daniela Baganich<\/h3><\/div><!-- \/.sc_title -->[vc_empty_space alter_height=&#8221;medium&#8221; hide_on_mobile=&#8221;&#8221;][vc_column_text el_class=&#8221;justified_text&#8221;]\u0160tudent mesiacov November a December[\/vc_column_text][vc_empty_space alter_height=&#8221;medium&#8221; hide_on_mobile=&#8221;&#8221;][\/vc_column][vc_column width=&#8221;5\/12&#8243;][vc_single_image image=&#8221;2174&#8243; img_size=&#8221;full&#8221;][\/vc_column][vc_column][vc_empty_space alter_height=&#8221;medium&#8221; hide_on_mobile=&#8221;&#8221;][\/vc_column][\/vc_row][vc_row full_width=&#8221;stretch_row&#8221; css=&#8221;.vc_custom_1565808864587{background-color: #f2f3f6 !important;}&#8221;][vc_column][vc_empty_space alter_height=&#8221;medium&#8221; hide_on_mobile=&#8221;&#8221;][\/vc_column][vc_column width=&#8221;5\/12&#8243; offset=&#8221;vc_col-lg-offset-1 vc_col-md-offset-1 vc_col-sm-offset-1&#8243;][vc_empty_space alter_height=&#8221;large&#8221; hide_on_mobile=&#8221;&#8221;]<div id=\"sc_title_1403340779\"\n\t\tclass=\"sc_title sc_title_default\"><h3 class=\"sc_item_title sc_title_title sc_align_left sc_item_title_style_default\">Rastislav Vojtu\u0161<\/h3><\/div><!-- \/.sc_title -->[vc_empty_space alter_height=&#8221;medium&#8221; hide_on_mobile=&#8221;&#8221;][vc_column_text el_class=&#8221;justified_text&#8221;]\u0160tudent mesiaca Okt\u00f3ber[\/vc_column_text][vc_empty_space alter_height=&#8221;medium&#8221; hide_on_mobile=&#8221;&#8221;][\/vc_column][vc_column width=&#8221;5\/12&#8243;][vc_single_image image=&#8221;2176&#8243; img_size=&#8221;full&#8221;][\/vc_column][vc_column][vc_empty_space alter_height=&#8221;medium&#8221; hide_on_mobile=&#8221;&#8221;][\/vc_column][\/vc_row][vc_row full_width=&#8221;stretch_row&#8221; css=&#8221;.vc_custom_1565809066393{background-color: #ffffff !important;}&#8221;][vc_column][vc_empty_space alter_height=&#8221;medium&#8221; hide_on_mobile=&#8221;&#8221;][\/vc_column][vc_column width=&#8221;5\/12&#8243; offset=&#8221;vc_col-lg-offset-1 vc_col-md-offset-1 vc_col-sm-offset-1&#8243;][vc_empty_space alter_height=&#8221;large&#8221; hide_on_mobile=&#8221;&#8221;]<div id=\"sc_title_56711629\"\n\t\tclass=\"sc_title sc_title_default\"><h3 class=\"sc_item_title sc_title_title sc_align_left sc_item_title_style_default\">Vanesa Va\u013ekov\u00e1<\/h3><\/div><!-- \/.sc_title -->[vc_empty_space alter_height=&#8221;medium&#8221; hide_on_mobile=&#8221;&#8221;][vc_column_text el_class=&#8221;justified_text&#8221;]\u0160tudent mesiaca September[\/vc_column_text][vc_empty_space alter_height=&#8221;medium&#8221; hide_on_mobile=&#8221;&#8221;][\/vc_column][vc_column width=&#8221;5\/12&#8243;][vc_single_image image=&#8221;2177&#8243; img_size=&#8221;full&#8221;][\/vc_column][vc_column][vc_empty_space alter_height=&#8221;medium&#8221; hide_on_mobile=&#8221;&#8221;][\/vc_column][\/vc_row]<\/p>\n","protected":false},"excerpt":{"rendered":"<p>[vc_row full_width=&#8221;stretch_row&#8221; css=&#8221;.vc_custom_1565809066393{background-color: #ffffff !important;}&#8221;][vc_column][vc_empty_space alter_height=&#8221;medium&#8221; hide_on_mobile=&#8221;&#8221;][\/vc_column][vc_column width=&#8221;5\/12&#8243; offset=&#8221;vc_col-lg-offset-1 vc_col-md-offset-1 vc_col-sm-offset-1&#8243;][vc_empty_space alter_height=&#8221;large&#8221; hide_on_mobile=&#8221;&#8221;][vc_empty_space alter_height=&#8221;medium&#8221; hide_on_mobile=&#8221;&#8221;][vc_column_text el_class=&#8221;justified_text&#8221;]\u0160tudentkou mesiaca za september a okt\u00f3ber 2021 sa stala Ivana Hajdu\u0161ekov\u00e1, III.KB.[\/vc_column_text][vc_empty_space alter_height=&#8221;medium&#8221; hide_on_mobile=&#8221;&#8221;][\/vc_column][vc_column width=&#8221;5\/12&#8243;][vc_single_image image=&#8221;3224&#8243; img_size=&#8221;full&#8221;][\/vc_column][vc_column][vc_empty_space alter_height=&#8221;medium&#8221; hide_on_mobile=&#8221;&#8221;][\/vc_column][\/vc_row][vc_row full_width=&#8221;stretch_row&#8221; css=&#8221;.vc_custom_1565809066393{background-color: #ffffff !important;}&#8221;][vc_column][vc_empty_space alter_height=&#8221;medium&#8221; hide_on_mobile=&#8221;&#8221;][\/vc_column][vc_column&hellip;<\/p>\n","protected":false},"author":5,"featured_media":0,"parent":0,"menu_order":0,"comment_status":"closed","ping_status":"closed","template":"","meta":{"footnotes":""},"_links":{"self":[{"href":"https:\/\/www.futurumkosice.sk\/index.php\/wp-json\/wp\/v2\/pages\/1539"}],"collection":[{"href":"https:\/\/www.futurumkosice.sk\/index.php\/wp-json\/wp\/v2\/pages"}],"about":[{"href":"https:\/\/www.futurumkosice.sk\/index.php\/wp-json\/wp\/v2\/types\/page"}],"author":[{"embeddable":true,"href":"https:\/\/www.futurumkosice.sk\/index.php\/wp-json\/wp\/v2\/users\/5"}],"replies":[{"embeddable":true,"href":"https:\/\/www.futurumkosice.sk\/index.php\/wp-json\/wp\/v2\/comments?post=1539"}],"version-history":[{"count":30,"href":"https:\/\/www.futurumkosice.sk\/index.php\/wp-json\/wp\/v2\/pages\/1539\/revisions"}],"predecessor-version":[{"id":3225,"href":"https:\/\/www.futurumkosice.sk\/index.php\/wp-json\/wp\/v2\/pages\/1539\/revisions\/3225"}],"wp:attachment":[{"href":"https:\/\/www.futurumkosice.sk\/index.php\/wp-json\/wp\/v2\/media?parent=1539"}],"curies":[{"name":"wp","href":"https:\/\/api.w.org\/{rel}","templated":true}]}}