{"id":1885,"date":"2019-09-12T12:02:35","date_gmt":"2019-09-12T10:02:35","guid":{"rendered":"https:\/\/www.futurumkosice.sk\/?page_id=1885"},"modified":"2019-10-28T13:19:34","modified_gmt":"2019-10-28T12:19:34","slug":"reprezentacie-skoly","status":"publish","type":"page","link":"https:\/\/www.futurumkosice.sk\/index.php\/reprezentacie-skoly\/","title":{"rendered":"Reprezent\u00e1cie \u0161koly"},"content":{"rendered":"<p>[vc_row full_width=&#8221;stretch_row&#8221; css=&#8221;.vc_custom_1568290489036{margin-top: -8rem !important;background-color: #15436f !important;}&#8221;][vc_column][vc_empty_space alter_height=&#8221;large&#8221; hide_on_mobile=&#8221;&#8221;]<div id=\"sc_title_1833646106\"\n\t\tclass=\"sc_title sc_title_default biely_nadpis\"><h3 class=\"sc_item_title sc_title_title sc_align_center sc_item_title_style_default\">Reprezent\u00e1cie \u0161koly<\/h3><\/div><!-- \/.sc_title -->[vc_empty_space alter_height=&#8221;large&#8221; hide_on_mobile=&#8221;&#8221;][\/vc_column][\/vc_row][vc_row][vc_column][vc_empty_space alter_height=&#8221;large&#8221; hide_on_mobile=&#8221;&#8221;]<div id=\"sc_title_965279893\"\n\t\tclass=\"sc_title sc_title_default\"><h3 class=\"sc_item_title sc_title_title sc_align_center sc_item_title_style_default\">2018\/2019<\/h3><\/div><!-- \/.sc_title -->[vc_empty_space alter_height=&#8221;medium&#8221; hide_on_mobile=&#8221;&#8221;][vc_row_inner equal_height=&#8221;yes&#8221;][vc_column_inner width=&#8221;1\/3&#8243; css=&#8221;.vc_custom_1571672047658{border-top-width: 10px !important;border-right-width: 10px !important;border-bottom-width: 10px !important;border-left-width: 10px !important;background-color: #15436f !important;border-left-color: #ffffff !important;border-left-style: solid !important;border-right-color: #ffffff !important;border-right-style: solid !important;border-top-color: #ffffff !important;border-top-style: solid !important;border-bottom-color: #ffffff !important;border-bottom-style: solid !important;}&#8221;][vc_empty_space hide_on_mobile=&#8221;&#8221;][vc_single_image image=&#8221;2115&#8243; img_size=&#8221;full&#8221;][vc_empty_space hide_on_mobile=&#8221;&#8221;]<div id=\"sc_title_1850815942\"\n\t\tclass=\"sc_title sc_title_default biely_nadpis_h5\"><h4 class=\"sc_item_title sc_title_title sc_align_center sc_item_title_style_default sc_item_title_tag\">Daniela Baganich<\/h4><\/div><!-- \/.sc_title -->[vc_empty_space hide_on_mobile=&#8221;&#8221;][vc_column_text el_class=&#8221;biely_text_ucitelia&#8221;]<\/p>\n<p style=\"text-align: center;\">Krajsk\u00e9 kolo Olympi\u00e1dy z AJ<br \/>\n3. miesto,<br \/>\nakt\u00edvna \u00fa\u010das\u0165 na projekte Dofe[\/vc_column_text][vc_empty_space hide_on_mobile=&#8221;&#8221;][\/vc_column_inner][vc_column_inner width=&#8221;1\/3&#8243; css=&#8221;.vc_custom_1571672124136{border-top-width: 10px !important;border-right-width: 10px !important;border-bottom-width: 10px !important;border-left-width: 10px !important;background-color: #15436f !important;border-left-color: #ffffff !important;border-left-style: solid !important;border-right-color: #ffffff !important;border-right-style: solid !important;border-top-color: #ffffff !important;border-top-style: solid !important;border-bottom-color: #ffffff !important;border-bottom-style: solid !important;}&#8221;][vc_empty_space hide_on_mobile=&#8221;&#8221;][vc_single_image image=&#8221;2114&#8243; img_size=&#8221;full&#8221;][vc_empty_space hide_on_mobile=&#8221;&#8221;]<div id=\"sc_title_582004902\"\n\t\tclass=\"sc_title sc_title_default biely_nadpis_h5\"><h4 class=\"sc_item_title sc_title_title sc_align_center sc_item_title_style_default sc_item_title_tag\">Dorian Mere\u0161\u0161<\/h4><\/div><!-- \/.sc_title -->[vc_empty_space hide_on_mobile=&#8221;&#8221;][vc_column_text el_class=&#8221;biely_text_ucitelia&#8221;]<\/p>\n<p style=\"text-align: center;\">Krajsk\u00e9 kolo s\u00fa\u0165a\u017en\u00e9ho projektu Digit\u00e1lna \u0161kola<br \/>\n1. miesto[\/vc_column_text][vc_empty_space hide_on_mobile=&#8221;&#8221;][\/vc_column_inner][vc_column_inner width=&#8221;1\/3&#8243; css=&#8221;.vc_custom_1571672140484{border-top-width: 10px !important;border-right-width: 10px !important;border-bottom-width: 10px !important;border-left-width: 10px !important;background-color: #15436f !important;border-left-color: #ffffff !important;border-left-style: solid !important;border-right-color: #ffffff !important;border-right-style: solid !important;border-top-color: #ffffff !important;border-top-style: solid !important;border-bottom-color: #ffffff !important;border-bottom-style: solid !important;}&#8221;][vc_empty_space hide_on_mobile=&#8221;&#8221;][vc_single_image image=&#8221;2112&#8243; img_size=&#8221;full&#8221;][vc_empty_space hide_on_mobile=&#8221;&#8221;]<div id=\"sc_title_1004862014\"\n\t\tclass=\"sc_title sc_title_default biely_nadpis_h5\"><h4 class=\"sc_item_title sc_title_title sc_align_center sc_item_title_style_default sc_item_title_tag\">Rastislav Vojtu\u0161<\/h4><\/div><!-- \/.sc_title -->[vc_empty_space hide_on_mobile=&#8221;&#8221;][vc_column_text el_class=&#8221;biely_text_ucitelia&#8221;]<\/p>\n<p style=\"text-align: center;\">Krajsk\u00e9 kolo Geografickej olympi\u00e1dy<br \/>\n3. miesto,<br \/>\nTop \u0161tudent za \u0161k. rok 2018\/2019[\/vc_column_text][vc_empty_space hide_on_mobile=&#8221;&#8221;][\/vc_column_inner][\/vc_row_inner][vc_empty_space alter_height=&#8221;medium&#8221; hide_on_mobile=&#8221;&#8221;][vc_row_inner equal_height=&#8221;yes&#8221;][vc_column_inner width=&#8221;1\/3&#8243; css=&#8221;.vc_custom_1571672047658{border-top-width: 10px !important;border-right-width: 10px !important;border-bottom-width: 10px !important;border-left-width: 10px !important;background-color: #15436f !important;border-left-color: #ffffff !important;border-left-style: solid !important;border-right-color: #ffffff !important;border-right-style: solid !important;border-top-color: #ffffff !important;border-top-style: solid !important;border-bottom-color: #ffffff !important;border-bottom-style: solid !important;}&#8221;][vc_empty_space hide_on_mobile=&#8221;&#8221;][vc_single_image image=&#8221;2347&#8243; img_size=&#8221;full&#8221;][vc_empty_space hide_on_mobile=&#8221;&#8221;]<div id=\"sc_title_1503945333\"\n\t\tclass=\"sc_title sc_title_default biely_nadpis_h5 mensi_font\"><h4 class=\"sc_item_title sc_title_title sc_align_center sc_item_title_style_default sc_item_title_tag\">Johana Gaberov\u00e1, Veronica Lacov\u00e1, Vanesa Va\u013ekov\u00e1<\/h4><\/div><!-- \/.sc_title -->[vc_empty_space hide_on_mobile=&#8221;&#8221;][vc_column_text el_class=&#8221;biely_text_ucitelia&#8221;]<\/p>\n<p style=\"text-align: center;\">N\u00e1rodn\u00e1 s\u00fa\u0165a\u017e Slovensk\u00e9ho \u010derven\u00e9ho kr\u00ed\u017ea so zameran\u00edm na prevenciu pred AIDS<br \/>\n8. miesto[\/vc_column_text][vc_empty_space hide_on_mobile=&#8221;&#8221;][\/vc_column_inner][vc_column_inner width=&#8221;1\/3&#8243; css=&#8221;.vc_custom_1571672124136{border-top-width: 10px !important;border-right-width: 10px !important;border-bottom-width: 10px !important;border-left-width: 10px !important;background-color: #15436f !important;border-left-color: #ffffff !important;border-left-style: solid !important;border-right-color: #ffffff !important;border-right-style: solid !important;border-top-color: #ffffff !important;border-top-style: solid !important;border-bottom-color: #ffffff !important;border-bottom-style: solid !important;}&#8221;][vc_empty_space hide_on_mobile=&#8221;&#8221;][vc_single_image image=&#8221;2610&#8243; img_size=&#8221;full&#8221;][vc_empty_space hide_on_mobile=&#8221;&#8221;]<div id=\"sc_title_401554360\"\n\t\tclass=\"sc_title sc_title_default biely_nadpis_h5 mensi_font\"><h4 class=\"sc_item_title sc_title_title sc_align_center sc_item_title_style_default sc_item_title_tag\">Martin Kostov\u010d\u00edk, Tobias J\u00e4ger, Samuel Vr\u00e1be\u013e, Jakub Bodi<\/h4><\/div><!-- \/.sc_title -->[vc_empty_space hide_on_mobile=&#8221;&#8221;][vc_column_text el_class=&#8221;biely_text_ucitelia&#8221;]<\/p>\n<p style=\"text-align: center;\">Celoslovensk\u00e9 kolo unifikovan\u00e9ho futbalu<br \/>\n2. miesto[\/vc_column_text][vc_empty_space hide_on_mobile=&#8221;&#8221;][\/vc_column_inner][vc_column_inner width=&#8221;1\/3&#8243; css=&#8221;.vc_custom_1571672140484{border-top-width: 10px !important;border-right-width: 10px !important;border-bottom-width: 10px !important;border-left-width: 10px !important;background-color: #15436f !important;border-left-color: #ffffff !important;border-left-style: solid !important;border-right-color: #ffffff !important;border-right-style: solid !important;border-top-color: #ffffff !important;border-top-style: solid !important;border-bottom-color: #ffffff !important;border-bottom-style: solid !important;}&#8221;][vc_empty_space hide_on_mobile=&#8221;&#8221;][vc_single_image image=&#8221;2347&#8243; img_size=&#8221;full&#8221;][vc_empty_space hide_on_mobile=&#8221;&#8221;]<div id=\"sc_title_1670320543\"\n\t\tclass=\"sc_title sc_title_default biely_nadpis_h5 mensi_font\"><h4 class=\"sc_item_title sc_title_title sc_align_center sc_item_title_style_default sc_item_title_tag\">J\u00e1n Kres\u0148\u00e1k, Rastislav Vojtu\u0161, Tom\u00e1\u0161 Hazes<\/h4><\/div><!-- \/.sc_title -->[vc_empty_space hide_on_mobile=&#8221;&#8221;][vc_column_text el_class=&#8221;biely_text_ucitelia&#8221;]<\/p>\n<p style=\"text-align: center;\">Celoslovensk\u00e9 kolo v unifikovanom futbale, 2. miesto<\/p>\n<p>[\/vc_column_text][vc_empty_space hide_on_mobile=&#8221;&#8221;][\/vc_column_inner][\/vc_row_inner][vc_empty_space alter_height=&#8221;medium&#8221; hide_on_mobile=&#8221;&#8221;][vc_row_inner equal_height=&#8221;yes&#8221;][vc_column_inner width=&#8221;1\/3&#8243; css=&#8221;.vc_custom_1571672047658{border-top-width: 10px !important;border-right-width: 10px !important;border-bottom-width: 10px !important;border-left-width: 10px !important;background-color: #15436f !important;border-left-color: #ffffff !important;border-left-style: solid !important;border-right-color: #ffffff !important;border-right-style: solid !important;border-top-color: #ffffff !important;border-top-style: solid !important;border-bottom-color: #ffffff !important;border-bottom-style: solid !important;}&#8221;][vc_empty_space hide_on_mobile=&#8221;&#8221;][vc_single_image image=&#8221;2613&#8243; img_size=&#8221;full&#8221;][vc_empty_space hide_on_mobile=&#8221;&#8221;]<div id=\"sc_title_1503184466\"\n\t\tclass=\"sc_title sc_title_default biely_nadpis_h5\"><h4 class=\"sc_item_title sc_title_title sc_align_center sc_item_title_style_default sc_item_title_tag\">Tobias J\u00e4ger<\/h4><\/div><!-- \/.sc_title -->[vc_empty_space hide_on_mobile=&#8221;&#8221;][vc_column_text el_class=&#8221;biely_text_ucitelia&#8221;]<\/p>\n<p style=\"text-align: center;\">Top ro\u010dn\u00edkov\u00e1 pr\u00e1ca za \u0161k.rok 2018\/2019, 2. miesto v celoslovenskom kole v unifikovanom futbale<\/p>\n<p>[\/vc_column_text][vc_empty_space hide_on_mobile=&#8221;&#8221;][\/vc_column_inner][vc_column_inner width=&#8221;1\/3&#8243; css=&#8221;.vc_custom_1571672124136{border-top-width: 10px !important;border-right-width: 10px !important;border-bottom-width: 10px !important;border-left-width: 10px !important;background-color: #15436f !important;border-left-color: #ffffff !important;border-left-style: solid !important;border-right-color: #ffffff !important;border-right-style: solid !important;border-top-color: #ffffff !important;border-top-style: solid !important;border-bottom-color: #ffffff !important;border-bottom-style: solid !important;}&#8221;][vc_empty_space hide_on_mobile=&#8221;&#8221;][vc_single_image image=&#8221;2601&#8243; img_size=&#8221;full&#8221;][vc_empty_space hide_on_mobile=&#8221;&#8221;]<div id=\"sc_title_129527321\"\n\t\tclass=\"sc_title sc_title_default biely_nadpis_h5\"><h4 class=\"sc_item_title sc_title_title sc_align_center sc_item_title_style_default sc_item_title_tag\">Johana Gaberov\u00e1<\/h4><\/div><!-- \/.sc_title -->[vc_empty_space hide_on_mobile=&#8221;&#8221;][vc_column_text el_class=&#8221;biely_text_ucitelia&#8221;]<\/p>\n<p style=\"text-align: center;\">1. miesto za svoju p\u00f4vodn\u00fa b\u00e1se\u0148 \u201eStarina\u201c v s\u00fa\u0165a\u017ei \u201eExpress it! Poetry Slam\u201c<\/p>\n<p>[\/vc_column_text][vc_empty_space hide_on_mobile=&#8221;&#8221;][\/vc_column_inner][vc_column_inner width=&#8221;1\/3&#8243; css=&#8221;.vc_custom_1571672140484{border-top-width: 10px !important;border-right-width: 10px !important;border-bottom-width: 10px !important;border-left-width: 10px !important;background-color: #15436f !important;border-left-color: #ffffff !important;border-left-style: solid !important;border-right-color: #ffffff !important;border-right-style: solid !important;border-top-color: #ffffff !important;border-top-style: solid !important;border-bottom-color: #ffffff !important;border-bottom-style: solid !important;}&#8221;][vc_empty_space hide_on_mobile=&#8221;&#8221;][vc_single_image image=&#8221;2612&#8243; img_size=&#8221;full&#8221;][vc_empty_space hide_on_mobile=&#8221;&#8221;]<div id=\"sc_title_1607931883\"\n\t\tclass=\"sc_title sc_title_default biely_nadpis_h5\"><h4 class=\"sc_item_title sc_title_title sc_align_center sc_item_title_style_default sc_item_title_tag\">Simona Antalov\u00e1<\/h4><\/div><!-- \/.sc_title -->[vc_empty_space hide_on_mobile=&#8221;&#8221;][vc_column_text el_class=&#8221;biely_text_ucitelia&#8221;]<\/p>\n<p style=\"text-align: center;\">akt\u00edvna pr\u00e1ca na projekte \u201eVe\u013ek\u00e1\u010di \u010d\u00edtaju malk\u00e1\u010dom\u201c, akt\u00edvna \u00fa\u010das\u0165 na projekte Dofe<\/p>\n<p>[\/vc_column_text][vc_empty_space hide_on_mobile=&#8221;&#8221;][\/vc_column_inner][\/vc_row_inner][vc_empty_space alter_height=&#8221;medium&#8221; hide_on_mobile=&#8221;&#8221;][vc_row_inner equal_height=&#8221;yes&#8221;][vc_column_inner width=&#8221;1\/3&#8243; css=&#8221;.vc_custom_1571672140484{border-top-width: 10px !important;border-right-width: 10px !important;border-bottom-width: 10px !important;border-left-width: 10px !important;background-color: #15436f !important;border-left-color: #ffffff !important;border-left-style: solid !important;border-right-color: #ffffff !important;border-right-style: solid !important;border-top-color: #ffffff !important;border-top-style: solid !important;border-bottom-color: #ffffff !important;border-bottom-style: solid !important;}&#8221;][vc_empty_space hide_on_mobile=&#8221;&#8221;][vc_single_image image=&#8221;2602&#8243; img_size=&#8221;full&#8221;][vc_empty_space hide_on_mobile=&#8221;&#8221;]<div id=\"sc_title_860360546\"\n\t\tclass=\"sc_title sc_title_default biely_nadpis_h5\"><h4 class=\"sc_item_title sc_title_title sc_align_center sc_item_title_style_default sc_item_title_tag\">Alexandra Drozdov\u00e1<\/h4><\/div><!-- \/.sc_title -->[vc_empty_space hide_on_mobile=&#8221;&#8221;][vc_column_text el_class=&#8221;biely_text_ucitelia&#8221;]<\/p>\n<p style=\"text-align: center;\">akt\u00edvna pr\u00e1ca na projekte \u201eVe\u013ek\u00e1\u010di \u010d\u00edtaju malk\u00e1\u010dom\u201c<\/p>\n<p>[\/vc_column_text][vc_empty_space hide_on_mobile=&#8221;&#8221;][\/vc_column_inner][vc_column_inner width=&#8221;1\/3&#8243; css=&#8221;.vc_custom_1571672047658{border-top-width: 10px !important;border-right-width: 10px !important;border-bottom-width: 10px !important;border-left-width: 10px !important;background-color: #15436f !important;border-left-color: #ffffff !important;border-left-style: solid !important;border-right-color: #ffffff !important;border-right-style: solid !important;border-top-color: #ffffff !important;border-top-style: solid !important;border-bottom-color: #ffffff !important;border-bottom-style: solid !important;}&#8221;][vc_empty_space hide_on_mobile=&#8221;&#8221;][vc_single_image image=&#8221;2111&#8243; img_size=&#8221;full&#8221;][vc_empty_space hide_on_mobile=&#8221;&#8221;]<div id=\"sc_title_1549278084\"\n\t\tclass=\"sc_title sc_title_default biely_nadpis_h5\"><h4 class=\"sc_item_title sc_title_title sc_align_center sc_item_title_style_default sc_item_title_tag\">Veronica Lacov\u00e1<\/h4><\/div><!-- \/.sc_title -->[vc_empty_space hide_on_mobile=&#8221;&#8221;][vc_column_text el_class=&#8221;biely_text_ucitelia&#8221;]<\/p>\n<p style=\"text-align: center;\">2. miesto za p\u00f4vodn\u00fa b\u00e1se\u0148 \u201eAmerican Dream\u201c v s\u00fa\u0165a\u017ei \u201eExpress it! Poetry Slam\u201c<\/p>\n<p>[\/vc_column_text][vc_empty_space hide_on_mobile=&#8221;&#8221;][\/vc_column_inner][\/vc_row_inner][vc_empty_space alter_height=&#8221;medium&#8221; hide_on_mobile=&#8221;&#8221;][\/vc_column][\/vc_row]<\/p>\n","protected":false},"excerpt":{"rendered":"<p>[vc_row full_width=&#8221;stretch_row&#8221; css=&#8221;.vc_custom_1568290489036{margin-top: -8rem !important;background-color: #15436f !important;}&#8221;][vc_column][vc_empty_space alter_height=&#8221;large&#8221; hide_on_mobile=&#8221;&#8221;][vc_empty_space alter_height=&#8221;large&#8221; hide_on_mobile=&#8221;&#8221;][\/vc_column][\/vc_row][vc_row][vc_column][vc_empty_space alter_height=&#8221;large&#8221; hide_on_mobile=&#8221;&#8221;][vc_empty_space alter_height=&#8221;medium&#8221; hide_on_mobile=&#8221;&#8221;][vc_row_inner equal_height=&#8221;yes&#8221;][vc_column_inner width=&#8221;1\/3&#8243; css=&#8221;.vc_custom_1571672047658{border-top-width: 10px !important;border-right-width: 10px !important;border-bottom-width: 10px !important;border-left-width: 10px !important;background-color: #15436f !important;border-left-color: #ffffff !important;border-left-style: solid !important;border-right-color: #ffffff !important;border-right-style: solid !important;border-top-color: #ffffff !important;border-top-style: solid !important;border-bottom-color:&hellip;<\/p>\n","protected":false},"author":5,"featured_media":0,"parent":0,"menu_order":0,"comment_status":"closed","ping_status":"closed","template":"","meta":{"footnotes":""},"_links":{"self":[{"href":"https:\/\/www.futurumkosice.sk\/index.php\/wp-json\/wp\/v2\/pages\/1885"}],"collection":[{"href":"https:\/\/www.futurumkosice.sk\/index.php\/wp-json\/wp\/v2\/pages"}],"about":[{"href":"https:\/\/www.futurumkosice.sk\/index.php\/wp-json\/wp\/v2\/types\/page"}],"author":[{"embeddable":true,"href":"https:\/\/www.futurumkosice.sk\/index.php\/wp-json\/wp\/v2\/users\/5"}],"replies":[{"embeddable":true,"href":"https:\/\/www.futurumkosice.sk\/index.php\/wp-json\/wp\/v2\/comments?post=1885"}],"version-history":[{"count":34,"href":"https:\/\/www.futurumkosice.sk\/index.php\/wp-json\/wp\/v2\/pages\/1885\/revisions"}],"predecessor-version":[{"id":2624,"href":"https:\/\/www.futurumkosice.sk\/index.php\/wp-json\/wp\/v2\/pages\/1885\/revisions\/2624"}],"wp:attachment":[{"href":"https:\/\/www.futurumkosice.sk\/index.php\/wp-json\/wp\/v2\/media?parent=1885"}],"curies":[{"name":"wp","href":"https:\/\/api.w.org\/{rel}","templated":true}]}}